{"id":3,"date":"2022-07-26T11:58:29","date_gmt":"2022-07-26T11:58:29","guid":{"rendered":"http:\/\/localhost\/wordpress\/?page_id=3"},"modified":"2023-08-17T13:25:52","modified_gmt":"2023-08-17T13:25:52","slug":"zasady-ochrany-osobnich-udaju","status":"publish","type":"page","link":"https:\/\/bpbrno.cz\/en\/zasady-ochrany-osobnich-udaju\/","title":{"rendered":"Z\u00e1sady ochrany osobn\u00edch \u00fadaj\u016f"},"content":{"rendered":"<figure class=\"wp-block-table\"><table><tbody><tr><td>Jsme advok\u00e1tn\u00ed kancel\u00e1\u0159\u00ed skl\u00e1daj\u00edc\u00ed se ze dvou st\u00e1le spolupracuj\u00edc\u00edch advok\u00e1t\u016f &#8211; <strong>Mgr. Adama Bezd\u011bka<\/strong>, se s\u00eddlem Brno, Jana Bab\u00e1ka 2733\/11, PS\u010c: 612 00, I\u010c: 66254361, ev. \u010d. \u010cAK: 09707.<br>Jsme spr\u00e1vci Va\u0161ich osobn\u00edch \u00fadaj\u016f, pakli\u017ee V\u00e1m poskytujeme pr\u00e1vn\u00ed slu\u017eby, nav\u0161t\u011bvujete na\u0161e webov\u00e9 str\u00e1nky <a href=\"https:\/\/bpbrno.cz\/en\/\">https:\/\/www.bpbrno.cz<\/a>, komunikujete s\u00a0n\u00e1mi telefonicky \u010di e-mailem apod., kdy\u017e pln\u00edme sv\u00e9 z\u00e1konn\u00e9 povinnosti \u010di zpracov\u00e1v\u00e1me Va\u0161e osobn\u00ed \u00fadaje pro \u00fa\u010dely ochrany na\u0161ich opr\u00e1vn\u011bn\u00fdch z\u00e1jm\u016f a opr\u00e1vn\u011bn\u00fdch z\u00e1jm\u016f t\u0159et\u00edch osob.<br>Jsme si v\u011bdomi d\u016fv\u011bry, kterou do n\u00e1s jako na\u0161i klienti vkl\u00e1d\u00e1te, proto p\u0159i zpracov\u00e1v\u00e1n\u00ed Va\u0161ich osobn\u00edch \u00fadaj\u016f postupujeme s\u00a0maxim\u00e1ln\u00ed opatrnost\u00ed a v\u00a0souladu s\u00a0t\u011bmito z\u00e1sadami ochrany osobn\u00edch \u00fadaj\u016f, kter\u00e9 se zavazujeme dodr\u017eovat. Tyto z\u00e1sady obsahuj\u00ed v\u0161echny informace, kter\u00e9 se t\u00fdkaj\u00ed zpracov\u00e1n\u00ed Va\u0161ich osobn\u00edch \u00fadaj\u016f.<br><br><\/td><\/tr><\/tbody><\/table><\/figure>\n\n\n\n<p><strong>SPR\u00c1VCE <\/strong><strong>OSOBN\u00cdCH \u00daDAJ\u016e \u2013 <\/strong><strong>Kdo bude Va\u0161e osobn\u00ed \u00fadaje zpracov\u00e1vat?<\/strong><\/p>\n\n\n\n<p>Spr\u00e1vcem Va\u0161ich osobn\u00edch \u00fadaj\u016f, kter\u00fd je zodpov\u011bdn\u00fd za zpracov\u00e1n\u00ed Va\u0161ich osobn\u00edch \u00fadaj\u016f, je na\u0161e advok\u00e1tn\u00ed kancel\u00e1\u0159, a to konkr\u00e9tn\u011b n\u011bkter\u00fd z\u00a0trvale spolupracuj\u00edc\u00edch advok\u00e1t\u016f <strong>Mgr. Adam Bezd\u011bk<\/strong>, se s\u00eddlem Brno, Jana Bab\u00e1ka 2733\/11, PS\u010c: 612 00, I\u010cO: 662 54\u00a0361, ev. \u010d. \u010cAK: 09707.<\/p>\n\n\n\n<p><strong>Pro ve\u0161ker\u00e9 Va\u0161e dotazy, t\u00fdkaj\u00edc\u00ed se zpracov\u00e1n\u00ed Va\u0161ich osobn\u00edch \u00fadaj\u016f, m\u016f\u017eete vyu\u017e\u00edt n\u011bkter\u00fd z n\u00e1sleduj\u00edc\u00edch kontakt\u016f:<\/strong><\/p>\n\n\n\n<p><strong>Adresa pro doru\u010dov\u00e1n\u00ed<\/strong>: Jana Bab\u00e1ka 2733\/11, 612 00 Brno<\/p>\n\n\n\n<p><strong>Adresa elektronick\u00e9 po\u0161ty<\/strong>: info@bpbrno.cz<\/p>\n\n\n\n<p><strong>Telefon<\/strong>:&nbsp;<\/p>\n\n\n\n<p>Mgr. Adam Bezd\u011bk: + 420 603\u00a0365 406<\/p>\n\n\n\n<p><strong>ZPRACOV\u00c1N\u00cd OSOBN\u00cdCH \u00daDAJ\u016e \u2013 Jak\u00fdm zp\u016fsobem zpracov\u00e1v\u00e1me Va\u0161e osobn\u00ed \u00fadaje?<\/strong><\/p>\n\n\n\n<p>Va\u0161e osobn\u00ed \u00fadaje<strong> <\/strong>zpracov\u00e1v\u00e1me <strong>v souladu s t\u011bmito z\u00e1sadami<\/strong> vypl\u00fdvaj\u00edc\u00edmi z GDPR:<\/p>\n\n\n\n<ul class=\"wp-block-list\">\n<li><strong>z\u00e1konnost, korektnost a transparentnost<\/strong> zpracov\u00e1n\u00ed osobn\u00edch \u00fadaj\u016f,<\/li>\n\n\n\n<li><strong>\u00fa\u010delov\u00e9 omezen\u00ed<\/strong> \u2013 shroma\u017e\u010fujeme osobn\u00ed \u00fadaje jen pro ur\u010dit\u00e9, v\u00fdslovn\u011b vyj\u00e1d\u0159en\u00e9 a legitimn\u00ed \u00fa\u010dely,<\/li>\n<\/ul>\n\n\n\n<ul class=\"wp-block-list\">\n<li><strong>minimalizace \u00fadaj\u016f<\/strong> \u2013 zachov\u00e1v\u00e1me p\u0159im\u011b\u0159enost, relevantnost a limitujeme zpracov\u00e1n\u00ed osobn\u00edch \u00fadaj\u016f na nezbytn\u011b nutn\u00fd rozsah ve vztahu k \u00fa\u010delu jejich zpracov\u00e1n\u00ed,<\/li>\n\n\n\n<li><strong>p\u0159esnost a aktu\u00e1lnost<\/strong> \u2013 p\u0159ij\u00edm\u00e1me ve\u0161ker\u00e1 rozumn\u00e1 opat\u0159en\u00ed, kter\u00e1 umo\u017e\u0148uj\u00ed zajistit pravidelnou aktualizaci \u010di opravu Va\u0161ich osobn\u00edch \u00fadaj\u016f,&nbsp;<\/li>\n\n\n\n<li><strong>omezen\u00e9 ulo\u017een\u00ed<\/strong> \u2013 uchov\u00e1v\u00e1me osobn\u00ed \u00fadaje pouze po dobu, kter\u00e1 je nezbytn\u00e1 pro konkr\u00e9tn\u00ed \u00fa\u010del, pro kter\u00fd jsou Va\u0161e osobn\u00ed \u00fadaje zpracov\u00e1v\u00e1ny,<\/li>\n\n\n\n<li><strong>integrita a d\u016fv\u011brnost<\/strong> \u2013 Va\u0161e osobn\u00ed \u00fadaje zpracov\u00e1v\u00e1me zp\u016fsobem, kter\u00fd zajist\u00ed jejich n\u00e1le\u017eit\u00e9 zabezpe\u010den\u00ed, v\u010detn\u011b jejich ochrany pomoc\u00ed vhodn\u00fdch technick\u00fdch nebo organiza\u010dn\u00edch opat\u0159en\u00ed p\u0159ed neopr\u00e1vn\u011bn\u00fdm \u010di protipr\u00e1vn\u00edm zpracov\u00e1n\u00edm a p\u0159ed n\u00e1hodnou ztr\u00e1tou, zni\u010den\u00edm nebo po\u0161kozen\u00edm,<\/li>\n\n\n\n<li><strong>odpov\u011bdnost<\/strong> \u2013 dodr\u017eujeme zodpov\u011bdn\u00fd p\u0159\u00edstup k ochran\u011b Va\u0161ich osobn\u00edch \u00fadaj\u016f.&nbsp;<\/li>\n<\/ul>\n\n\n\n<p>Zpracov\u00e1v\u00e1me Va\u0161e osobn\u00ed \u00fadaje <strong>manu\u00e1ln\u011b<\/strong>; zpracov\u00e1n\u00edm osobn\u00edch \u00fadaj\u016f nedoch\u00e1z\u00ed k automatizovan\u00e9mu rozhodov\u00e1n\u00ed \u010di profilov\u00e1n\u00ed.<\/p>\n\n\n\n<p><strong>KATEGORIE, ZDROJ A \u00da\u010cEL ZPRACOV\u00c1N\u00cd OSOBN\u00cdCH \u00daDAJ\u016e \u2013 Jak\u00e9 osobn\u00ed \u00fadaje zpracov\u00e1v\u00e1me a k&nbsp;jak\u00fdm \u00fa\u010del\u016fm?<\/strong><\/p>\n\n\n\n<p>V&nbsp;souvislosti s&nbsp;poskytov\u00e1n\u00edm pr\u00e1vn\u00edch slu\u017eeb \u010di slu\u017eeb s&nbsp;t\u00edm spojen\u00fdch zpracov\u00e1v\u00e1me r\u016fzn\u00e9 kategorie Va\u0161ich osobn\u00edch \u00fadaj\u016f. Jak\u00e9 osobn\u00ed \u00fadaje a k&nbsp;jak\u00fdm \u00fa\u010del\u016fm tyto zpracov\u00e1v\u00e1me p\u0159ehledn\u011b zobrazuje n\u00e1sleduj\u00edc\u00ed tabulka:<\/p>\n\n\n\n<figure class=\"wp-block-table\"><table><tbody><tr><td><strong>Osobn\u00ed \u00fadaje<\/strong><\/td><td><strong>\u00da\u010dely zpracov\u00e1n\u00ed<\/strong><\/td><\/tr><tr><td><strong>Jm\u00e9no a p\u0159\u00edjmen\u00ed<\/strong><\/td><td>Pln\u011bn\u00ed smlouvy; Pln\u011bn\u00ed pr\u00e1vn\u00edch povinnost\u00ed; Ochrana na\u0161eho opr\u00e1vn\u011bn\u00e9ho z\u00e1jmu;&nbsp;<\/td><\/tr><tr><td><strong>I\u010cO, DI\u010c<\/strong><\/td><td>Pln\u011bn\u00ed smlouvy; Pln\u011bn\u00ed pr\u00e1vn\u00edch povinnost\u00ed; Ochrana na\u0161eho opr\u00e1vn\u011bn\u00e9ho z\u00e1jmu<\/td><\/tr><tr><td><strong>Datum narozen\u00ed<\/strong><\/td><td>Pln\u011bn\u00ed smlouvy; Pln\u011bn\u00ed pr\u00e1vn\u00edch povinnost\u00ed; Ochrana na\u0161eho opr\u00e1vn\u011bn\u00e9ho z\u00e1jmu<\/td><\/tr><tr><td><strong>Rodn\u00e9 \u010d\u00edslo<\/strong><\/td><td>Pln\u011bn\u00ed smlouvy; Pln\u011bn\u00ed pr\u00e1vn\u00edch povinnost\u00ed;<\/td><\/tr><tr><td><strong>Doru\u010dovac\u00ed adresa, kontaktn\u00ed adresa<\/strong><\/td><td>Pln\u011bn\u00ed smlouvy; Pln\u011bn\u00ed pr\u00e1vn\u00edch povinnost\u00ed; Ochrana na\u0161eho opr\u00e1vn\u011bn\u00e9ho z\u00e1jmu;&nbsp;<\/td><\/tr><tr><td><strong>E-mailov\u00e1 adresa<\/strong><\/td><td>Pln\u011bn\u00ed smlouvy; Pln\u011bn\u00ed pr\u00e1vn\u00edch povinnost\u00ed; Ochrana na\u0161eho opr\u00e1vn\u011bn\u00e9ho z\u00e1jmu;&nbsp;<\/td><\/tr><tr><td><strong>Telefonn\u00ed \u010d\u00edslo<\/strong><\/td><td>Pln\u011bn\u00ed smlouvy; Pln\u011bn\u00ed pr\u00e1vn\u00edch povinnost\u00ed; Ochrana na\u0161eho opr\u00e1vn\u011bn\u00e9ho z\u00e1jmu;&nbsp;<\/td><\/tr><tr><td><strong>\u010c\u00edslo \u00fa\u010dtu a jin\u00e9 \u00fadaje nezbytn\u00e9 pro proveden\u00ed platby<\/strong><\/td><td>Pln\u011bn\u00ed smlouvy; Pln\u011bn\u00ed pr\u00e1vn\u00edch povinnost\u00ed; Ochrana na\u0161eho opr\u00e1vn\u011bn\u00e9ho z\u00e1jmu<\/td><\/tr><tr><td><strong>Dal\u0161\u00ed informace, t\u00fdkaj\u00edc\u00ed se klienta&nbsp;<\/strong><\/td><td>Pln\u011bn\u00ed smlouvy; Pln\u011bn\u00ed pr\u00e1vn\u00edch povinnost\u00ed; Ochrana na\u0161eho opr\u00e1vn\u011bn\u00e9ho z\u00e1jmu; Ochrana opr\u00e1vn\u011bn\u00e9ho z\u00e1jmu t\u0159et\u00edch osob (p\u0159edev\u0161\u00edm na\u0161ich klient\u016f);&nbsp;<\/td><\/tr><tr><td><strong>Informace t\u00fdkaj\u00edc\u00ed se t\u0159et\u00edch osob&nbsp;&nbsp;<\/strong><\/td><td>Pln\u011bn\u00ed smlouvy; Ochrana opr\u00e1vn\u011bn\u00e9ho z\u00e1jmu t\u0159et\u00edch osob (p\u0159edev\u0161\u00edm na\u0161ich klient\u016f)<\/td><\/tr><\/tbody><\/table><\/figure>\n\n\n\n<p>Va\u0161e osobn\u00ed \u00fadaje z\u00edsk\u00e1v\u00e1me p\u0159\u00edmo od V\u00e1s nebo z&nbsp;ve\u0159ejn\u00fdch rejst\u0159\u00edk\u016f.<\/p>\n\n\n\n<p><strong>Va\u0161e<\/strong><\/p>\n\n\n\n<p><strong>PR\u00c1VN\u00cd D\u016eVODY ZPRACOV\u00c1N\u00cd OSOBN\u00cdCH \u00daDAJ\u016e \u2013 Na z\u00e1klad\u011b jak\u00e9ho opr\u00e1vn\u011bn\u00ed zpracov\u00e1v\u00e1me Va\u0161e osobn\u00ed \u00fadaje?<\/strong><\/p>\n\n\n\n<p>Va\u0161e osobn\u00ed \u00fadaje m\u016f\u017eeme zpracov\u00e1vat pouze tehdy, pokud disponujeme pr\u00e1vn\u00edm d\u016fvodem pro jejich zpracov\u00e1n\u00ed. Poskytnut\u00e9 osobn\u00ed \u00fadaje jsou ve v\u011bt\u0161in\u011b p\u0159\u00edpad\u016f smluvn\u00edm po\u017eadavkem, bez jejich\u017e poskytnut\u00ed nelze z&nbsp;na\u0161\u00ed strany poskytnout pr\u00e1vn\u00ed slu\u017eby. Va\u0161e osobn\u00ed \u00fadaje zpracov\u00e1v\u00e1me v\u017edy <strong>na z\u00e1klad\u011b jednoho z t\u011bchto pr\u00e1vn\u00edch d\u016fvod\u016f:<\/strong><\/p>\n\n\n\n<ul class=\"wp-block-list\">\n<li><strong>Pln\u011bn\u00ed smlouvy<\/strong> (pr\u00e1vn\u00ed d\u016fvod dle \u010dl. 6 odst. 1 p\u00edsm. b) GDPR) \u2013 Va\u0161e osobn\u00ed \u00fadaje zpracov\u00e1v\u00e1me za \u00fa\u010delem pln\u011bn\u00ed smlouvy o poskytov\u00e1n\u00ed pr\u00e1vn\u00edch slu\u017eeb (v\u010detn\u011b jej\u00edho sjedn\u00e1v\u00e1n\u00ed) nebo za \u00fa\u010delem faktick\u00e9 realizace pokyn\u016f klient\u016f a souvisej\u00edc\u00ed komunikace;<\/li>\n\n\n\n<li><strong>Pln\u011bn\u00ed pr\u00e1vn\u00edch povinnost\u00ed<\/strong> (pr\u00e1vn\u00ed d\u016fvod dle \u010dl. 6 odst. 1 p\u00edsm. c) GDPR) \u2013 Va\u0161e osobn\u00ed \u00fadaje zpracov\u00e1v\u00e1me za \u00fa\u010delem pln\u011bn\u00ed na\u0161ich pr\u00e1vn\u00edch povinnost\u00ed vypl\u00fdvaj\u00edc\u00edch z&nbsp;pr\u00e1vn\u00edch p\u0159edpis\u016f upravuj\u00edc\u00edch v\u00fdkon advokacie (nap\u0159. veden\u00ed spisu), ze z\u00e1kona proti legalizaci v\u00fdnos\u016f z&nbsp;trestn\u00e9 \u010dinnosti a financov\u00e1n\u00ed terorismu, jako\u017e i jin\u00fdch pr\u00e1vn\u00edch p\u0159edpis\u016f zejm\u00e9na da\u0148ov\u00fdch \u010di \u00fa\u010detn\u00edch;<\/li>\n\n\n\n<li><strong>N\u00e1\u0161 opr\u00e1vn\u011bn\u00fd z\u00e1jem a jeho ochrana<\/strong> (pr\u00e1vn\u00ed d\u016fvod dle \u010dl. 6 odst. 1 p\u00edsm. f) GDPR) &#8211; osobn\u00ed \u00fadaje zpracov\u00e1v\u00e1me za \u00fa\u010delem ochrany na\u0161ich opr\u00e1vn\u011bn\u00fdch z\u00e1jm\u016f (nap\u0159. za \u00fa\u010delem ochrany na\u0161ich webov\u00fdch str\u00e1nek; za \u00fa\u010delem identifikace klienta ve smyslu z\u00e1kona proti legalizaci v\u00fdnos\u016f z&nbsp;trestn\u00e9 \u010dinnosti a financov\u00e1n\u00ed terorismu; za \u00fa\u010delem soudn\u00edho vym\u00e1h\u00e1n\u00ed na\u0161ich n\u00e1rok\u016f, za \u00fa\u010delem&nbsp;zas\u00edl\u00e1n\u00ed newsletter\u016f, pokud ji\u017e jste na\u0161im klientem);<\/li>\n\n\n\n<li><strong>Ochrana opr\u00e1vn\u011bn\u00e9ho z\u00e1jmu t\u0159et\u00edch osob<\/strong> (pr\u00e1vn\u00ed d\u016fvod dle \u010dl. 6 odst. 1 p\u00edsm. f) GDPR) &#8211; osobn\u00ed \u00fadaje zpracov\u00e1v\u00e1me p\u0159edev\u0161\u00edm za \u00fa\u010delem ochrany na\u0161ich klient\u016f v&nbsp;souladu s pr\u00e1vn\u00edmi&nbsp;p\u0159edpisy upravuj\u00edc\u00edmi v\u00fdkon advokacie.<\/li>\n<\/ul>\n\n\n\n<p><strong>DOBA ZPRACOV\u00c1N\u00cd OSOBN\u00cdCH \u00daDAJ\u016e \u2013 Jak dlouho zpracov\u00e1v\u00e1me Va\u0161e osobn\u00ed \u00fadaje?<\/strong><\/p>\n\n\n\n<p>Va\u0161e osobn\u00ed \u00fadaje zpracov\u00e1v\u00e1me po celou dobu trv\u00e1n\u00ed smluvn\u00edho vztahu mezi n\u00e1mi.&nbsp;<\/p>\n\n\n\n<p>Osobn\u00ed \u00fadaje, kter\u00e9 jsou nezbytn\u00e9 pro \u0159\u00e1dn\u00e9 poskytnut\u00ed slu\u017eeb, resp. pro spln\u011bn\u00ed v\u0161ech na\u0161ich povinnost\u00ed, a\u0165 ji\u017e tyto povinnosti vypl\u00fdvaj\u00ed ze smlouvy mezi n\u00e1mi \u010di z&nbsp;obecn\u011b z\u00e1vazn\u00fdch pr\u00e1vn\u00edch p\u0159edpis\u016f mus\u00edme zpracov\u00e1vat bez ohledu na V\u00e1mi ud\u011blen\u00fd souhlas <strong>po dobu stanovenou p\u0159\u00edslu\u0161n\u00fdmi pr\u00e1vn\u00edmi p\u0159edpisy \u010di v&nbsp;souladu s&nbsp;nimi<\/strong> (nap\u0159. u da\u0148ov\u00fdch doklad\u016f je touto dobou doba nejm\u00e9n\u011b 10 let).<\/p>\n\n\n\n<p>P\u0159i stanoven\u00ed doby ulo\u017een\u00ed osobn\u00edch \u00fadaj\u016f zohled\u0148ujeme ve\u0161ker\u00e9 aspekty dan\u00e9ho zpracov\u00e1n\u00ed a tak\u00e9 Va\u0161e z\u00e1jmy, p\u0159\u00edp. opr\u00e1vn\u011bn\u00e9 z\u00e1jmy t\u0159et\u00edch stran, zejm\u00e9na, aby byly Va\u0161e osobn\u00ed \u00fadaje uchov\u00e1v\u00e1ny <strong>jen po nezbytn\u011b nutnou dobu.<\/strong><\/p>\n\n\n\n<p><strong>Doba zpracov\u00e1n\u00ed osobn\u00edch \u00fadaj\u016f podle \u00fa\u010delu jejich zpracov\u00e1n\u00ed:<\/strong><\/p>\n\n\n\n<figure class=\"wp-block-table\"><table><tbody><tr><td><strong>\u00da\u010del zpracov\u00e1n\u00ed<\/strong><\/td><td><strong>Doba uchov\u00e1n\u00ed<\/strong><\/td><\/tr><tr><td><strong>Pln\u011bn\u00ed smlouvy<\/strong><\/td><td>Po dobu trv\u00e1n\u00ed smluvn\u00edho vztahu mezi n\u00e1mi \u010di vy\u0159\u00edzen\u00ed v\u0161ech Va\u0161ich pokyn\u016f, a pot\u00e9 po dobu 10 let od ukon\u010den\u00ed smluvn\u00edho vztahu&nbsp;<\/td><\/tr><tr><td><strong>Pln\u011bn\u00ed pr\u00e1vn\u00edch povinnost\u00ed<\/strong><\/td><td>Po dobu stanovenou p\u0159\u00edslu\u0161n\u00fdmi pr\u00e1vn\u00edmi p\u0159edpisy<\/td><\/tr><tr><td><strong>Ochrana na\u0161eho opr\u00e1vn\u011bn\u00e9ho z\u00e1jmu nebo opr\u00e1vn\u011bn\u00e9ho z\u00e1jmu t\u0159et\u00edch osob<\/strong><\/td><td>Po dobu maxim\u00e1ln\u011b 3 let od doby zah\u00e1jen\u00ed zpracov\u00e1n\u00ed osobn\u00edch \u00fadaj\u016f, nestanov\u00ed-li zvl\u00e1\u0161tn\u00ed pr\u00e1vn\u00ed p\u0159edpisy jinak (nap\u0159. p\u0159edpisy o v\u00fdkonu advokacie), nebo pokud bude v&nbsp;od\u016fvodn\u011bn\u00e9m p\u0159\u00edpad\u011b pot\u0159eba uchov\u00e1vat \u00fadaje po dobu del\u0161\u00ed&nbsp;<\/td><\/tr><\/tbody><\/table><\/figure>\n\n\n\n<p><strong>P\u0158\u00cdJEMCI A ZPRACOVATEL\u00c9 OSOBN\u00cdCH \u00daDAJ\u016e \u2013 Komu d\u00e1le p\u0159ed\u00e1v\u00e1me Va\u0161e osobn\u00ed \u00fadaje?<\/strong><\/p>\n\n\n\n<p>Va\u0161e osobn\u00ed \u00fadaje zp\u0159\u00edstup\u0148ujeme na\u0161im zam\u011bstnanc\u016fm, kte\u0159\u00ed p\u0159i zpracov\u00e1n\u00ed osobn\u00edch \u00fadaj\u016f postupuj\u00ed v souladu se v\u0161emi platn\u00fdmi a z\u00e1vazn\u00fdmi pr\u00e1vn\u00edmi p\u0159edpisy na ochranu osobn\u00edch \u00fadaj\u016f, a d\u00e1le dle z\u00e1vazn\u00fdch pravidel upravuj\u00edc\u00edch zpracov\u00e1n\u00ed a ochranu osobn\u00edch \u00fadaj\u016f, kter\u00e9 jsou stanoveny vnit\u0159n\u00edmi p\u0159edpisy.<\/p>\n\n\n\n<p>N\u00e1mi zpracov\u00e1van\u00e9 osobn\u00ed \u00fadaje jsou p\u0159ed\u00e1v\u00e1ny zejm\u00e9na t\u011bmto p\u0159\u00edjemc\u016fm:<\/p>\n\n\n\n<ul class=\"wp-block-list\">\n<li><strong>org\u00e1n\u016fm ve\u0159ejn\u00e9 moci<\/strong> a jin\u00fdm subjekt\u016fm, kter\u00fdm jsme povinni p\u0159ed\u00e1vat osobn\u00ed \u00fadaje dle p\u0159\u00edslu\u0161n\u00fdch pr\u00e1vn\u00edch p\u0159edpis\u016f (nap\u0159. spr\u00e1vn\u00ed org\u00e1ny, soudy, org\u00e1ny \u010dinn\u00e9 v trestn\u00edm \u0159\u00edzen\u00ed, exekuto\u0159i, not\u00e1\u0159i, jednotliv\u00e1 ministerstva \u010cR, org\u00e1ny celn\u00ed spr\u00e1vy, \u010cesk\u00e1 advok\u00e1tn\u00ed komora, apod.),<\/li>\n\n\n\n<li><strong>dal\u0161\u00edm subjekt\u016fm<\/strong>, pokud je to nezbytn\u00e9 pro ochranu na\u0161ich pr\u00e1v (nap\u0159. poji\u0161\u0165ovny, soudy, insolven\u010dn\u00ed spr\u00e1vci, exekuto\u0159i apod.),<\/li>\n\n\n\n<li><strong>poskytovatel\u016fm slu\u017eeb <\/strong>nezbytn\u00fdch pro na\u0161i \u010dinnost (zejm\u00e9na poskytovatel\u00e9 \u00fa\u010detn\u00edch slu\u017eeb; osoby zaji\u0161\u0165uj\u00edc\u00ed chod webu a n\u00e1mi vyu\u017e\u00edvan\u00fdch softwar\u016f; osoby zaji\u0161\u0165uj\u00edc\u00ed slu\u017eby platebn\u00edho styku).&nbsp;<\/li>\n<\/ul>\n\n\n\n<p>M\u016f\u017ee se st\u00e1t, \u017ee n\u011bkter\u00fd z&nbsp;na\u0161ich dodavatel\u016f softwaru s\u00eddl\u00ed mimo \u00fazem\u00ed EU. V&nbsp;p\u0159\u00edpad\u011b Va\u0161eho z\u00e1jmu o informace, kdo v\u0161e m\u016f\u017ee b\u00fdt v&nbsp;na\u0161\u00ed advok\u00e1tn\u00ed kancel\u00e1\u0159i p\u0159\u00edjemcem Va\u0161ich osobn\u00edch \u00fadaj\u016f, se na n\u00e1s nev\u00e1hejte obr\u00e1tit a v&nbsp;reakci na V\u00e1\u0161 po\u017eadavek V\u00e1m seznam takov\u00fdchto p\u0159\u00edjemc\u016f poskytneme.&nbsp;<\/p>\n\n\n\n<p>V\u0161ichni p\u0159\u00edjemci osobn\u00edch \u00fadaj\u016f v\u00fd\u0161e uveden\u00ed poskytuj\u00ed z\u00e1ruky zaveden\u00ed vhodn\u00fdch technick\u00fdch a organiza\u010dn\u00edch opat\u0159en\u00ed tak, aby dan\u00e9 zpracov\u00e1n\u00ed osobn\u00edch \u00fadaj\u016f spl\u0148ovalo po\u017eadavky p\u0159\u00edslu\u0161n\u00fdch z\u00e1vazn\u00fdch pr\u00e1vn\u00edch p\u0159edpis\u016f pr\u00e1va \u010cesk\u00e9 republiky a pr\u00e1va EU upravuj\u00edc\u00edch ochranu osobn\u00edch \u00fadaj\u016f. Pokud zpracov\u00e1n\u00ed osobn\u00edch \u00fadaj\u016f t\u011bmito p\u0159\u00edjemci neupravuje \u017e\u00e1dn\u00fd pr\u00e1vn\u00ed p\u0159edpis nebo jin\u00fd pr\u00e1vn\u00ed akt pr\u00e1va EU nebo \u010dlensk\u00e9ho st\u00e1tu, je s p\u0159\u00edjemcem osobn\u00edch \u00fadaj\u016f uzav\u0159ena p\u00edsemn\u00e1 smlouva o zpracov\u00e1n\u00ed osobn\u00edch \u00fadaj\u016f, kter\u00e1 upravuje pr\u00e1va a povinnosti stran (n\u00e1s, jako spr\u00e1vce a zpracovatele) p\u0159i zpracov\u00e1n\u00ed osobn\u00edch \u00fadaj\u016f.<\/p>\n\n\n\n<p><strong>PR\u00c1VA SUBJEKTU \u00daDAJ\u016e \u2013 Jak\u00e1 m\u00e1te z\u00e1konn\u00e1 pr\u00e1va p\u0159i zpracov\u00e1n\u00ed osobn\u00edch \u00fadaj\u016f?<\/strong><\/p>\n\n\n\n<p>M\u00e1te pr\u00e1vo se na n\u00e1s kdykoliv obr\u00e1tit, abyste z\u00edskali informace o procesu zpracov\u00e1n\u00ed Va\u0161ich osobn\u00edch \u00fadaj\u016f \u010di za \u00fa\u010delem uplatn\u011bn\u00ed n\u00ed\u017ee uveden\u00fdch pr\u00e1v, kter\u00e9 m\u00e1te v souvislosti se zpracov\u00e1n\u00edm Va\u0161ich osobn\u00edch \u00fadaj\u016f dle p\u0159\u00edslu\u0161n\u00fdch pr\u00e1vn\u00edch p\u0159edpis\u016f na ochranu osobn\u00edch \u00fadaj\u016f:<\/p>\n\n\n\n<ul class=\"wp-block-list\">\n<li><strong>pr\u00e1vo na p\u0159\u00edstup k ve\u0161ker\u00fdm zpracov\u00e1van\u00fdm osobn\u00edm \u00fadaj\u016fm<\/strong> &#8211; m\u00e1te pr\u00e1vo od n\u00e1s z\u00edskat potvrzen\u00ed, zda osobn\u00ed \u00fadaje, kter\u00e9 se V\u00e1s t\u00fdkaj\u00ed, jsou \u010di nejsou n\u00e1mi zpracov\u00e1v\u00e1ny, a pokud jsou zpracov\u00e1v\u00e1ny, tak m\u00e1 pr\u00e1vo z\u00edskat zejm\u00e9na tyto informace:&nbsp;<\/li>\n<\/ul>\n\n\n\n<ul class=\"wp-block-list\">\n<li>jak\u00e9 jsou \u00fa\u010dely zpracov\u00e1n\u00ed Va\u0161ich osobn\u00edch \u00fadaj\u016f;&nbsp;<\/li>\n\n\n\n<li>jak\u00e9 jsou kategorie dot\u010den\u00fdch osobn\u00edch \u00fadaj\u016f;&nbsp;<\/li>\n\n\n\n<li>kdo, krom\u011b n\u00e1s, jsou p\u0159\u00edjemci Va\u0161ich osobn\u00edch \u00fadaj\u016f;<\/li>\n\n\n\n<li>doba, po kterou budou Va\u0161e osobn\u00ed \u00fadaje u n\u00e1s ulo\u017eeny;&nbsp;<\/li>\n\n\n\n<li>existence Va\u0161ich pr\u00e1v na opravu, v\u00fdmaz, omezen\u00ed zpracov\u00e1n\u00ed osobn\u00edch \u00fadaj\u016f, pr\u00e1va na vznesen\u00ed n\u00e1mitky, pr\u00e1va na pod\u00e1n\u00ed st\u00ed\u017enosti u dozorov\u00e9ho \u00fa\u0159adu; ve\u0161ker\u00e9 dostupn\u00e9 informace o zdroji osobn\u00edch \u00fadaj\u016f;&nbsp;<\/li>\n\n\n\n<li>skute\u010dnost, \u017ee doch\u00e1z\u00ed k&nbsp;automatizovan\u00e9mu rozhodov\u00e1n\u00ed v\u010detn\u011b profilov\u00e1n\u00ed;&nbsp;<\/li>\n\n\n\n<li>m\u00e1te d\u00e1le pr\u00e1vo vy\u017e\u00e1dat si kopii sv\u00fdch osobn\u00edch \u00fadaj\u016f, kter\u00e9 o V\u00e1s zpracov\u00e1v\u00e1me;<\/li>\n<\/ul>\n\n\n\n<ul class=\"wp-block-list\">\n<li><strong>pr\u00e1vo kdykoliv odvolat V\u00e1\u0161 souhlas<\/strong> se zpracov\u00e1n\u00edm osobn\u00edch \u00fadaj\u016f, pokud jsou osobn\u00ed \u00fadaje zpracov\u00e1v\u00e1ny na z\u00e1klad\u011b Va\u0161eho souhlasu se zpracov\u00e1n\u00edm osobn\u00edch \u00fadaj\u016f;<\/li>\n<\/ul>\n\n\n\n<ul class=\"wp-block-list\">\n<li><strong>pr\u00e1vo na opravu<\/strong> <strong>(up\u0159esn\u011bn\u00ed nebo dopln\u011bn\u00ed)<\/strong> zpracov\u00e1van\u00fdch osobn\u00edch \u00fadaj\u016f &#8211; m\u00e1te pr\u00e1vo na to, abychom bez zbyte\u010dn\u00e9ho odkladu opravili Va\u0161e nep\u0159esn\u00e9 osobn\u00ed \u00fadaje, kter\u00e9 se V\u00e1s t\u00fdkaj\u00ed;<\/li>\n<\/ul>\n\n\n\n<ul class=\"wp-block-list\">\n<li><strong>pr\u00e1vo na v\u00fdmaz<\/strong> osobn\u00edch \u00fadaj\u016f &#8211; m\u00e1te pr\u00e1vo na to, abychom bez zbyte\u010dn\u00e9ho odkladu vymazali osobn\u00ed \u00fadaje, kter\u00e9 se V\u00e1s t\u00fdkaj\u00ed, a m\u00e1me povinnost osobn\u00ed \u00fadaje bez zbyte\u010dn\u00e9ho odkladu vymazat, pokud je d\u00e1n jeden z t\u011bchto d\u016fvod\u016f:&nbsp;<\/li>\n<\/ul>\n\n\n\n<ul class=\"wp-block-list\">\n<li>Va\u0161e osobn\u00ed \u00fadaje ji\u017e nejsou pot\u0159ebn\u00e9 pro \u00fa\u010dely, pro kter\u00e9 byly shrom\u00e1\u017ed\u011bny nebo jinak zpracov\u00e1v\u00e1ny,&nbsp;<\/li>\n\n\n\n<li>odvolali jste sv\u016fj souhlas, na jeho\u017e z\u00e1klad\u011b byly Va\u0161e osobn\u00ed \u00fadaje zpracov\u00e1ny, a neexistuje \u017e\u00e1dn\u00fd dal\u0161\u00ed pr\u00e1vn\u00ed d\u016fvod pro jejich zpracov\u00e1v\u00e1n\u00ed,&nbsp;<\/li>\n\n\n\n<li>vznesli jste n\u00e1mitku proti zpracov\u00e1n\u00ed Va\u0161ich osobn\u00edch \u00fadaj\u016f a neexistuj\u00ed \u017e\u00e1dn\u00e9 p\u0159eva\u017euj\u00edc\u00ed opr\u00e1vn\u011bn\u00e9 d\u016fvody pro jejich zpracov\u00e1n\u00ed,&nbsp;<\/li>\n\n\n\n<li>Va\u0161e osobn\u00ed \u00fadaje jsou n\u00e1mi zpracov\u00e1v\u00e1ny protipr\u00e1vn\u011b,&nbsp;<\/li>\n\n\n\n<li>Va\u0161e osobn\u00ed \u00fadaje mus\u00ed b\u00fdt vymaz\u00e1ny ke spln\u011bn\u00ed pr\u00e1vn\u00ed povinnosti,&nbsp;<\/li>\n\n\n\n<li>Va\u0161e osobn\u00ed \u00fadaje byly shrom\u00e1\u017ed\u011bny v souvislosti s nab\u00eddkou slu\u017eeb informa\u010dn\u00ed spole\u010dnosti podle \u010dl. 8 odst. 1 GDPR.<\/li>\n<\/ul>\n\n\n\n<p>Upozor\u0148ujeme na to, \u017ee n\u011bkter\u00e9 Va\u0161e osobn\u00ed \u00fadaje mus\u00edme dle dot\u010den\u00fdch pr\u00e1vn\u00edch p\u0159edpis\u016f uchov\u00e1vat i p\u0159es Va\u0161i \u017e\u00e1dost o v\u00fdmaz (jedn\u00e1 se zejm\u00e9na o Va\u0161e osobn\u00ed \u00fadaje uveden\u00e9 na faktur\u00e1ch \u010di jin\u00fdch \u00fa\u010detn\u00edch dokladech). Va\u0161e osobn\u00ed \u00fadaje m\u016f\u017eeme tak\u00e9 d\u00e1le zpracov\u00e1vat i p\u0159es Va\u0161i \u017e\u00e1dost o v\u00fdmaz k&nbsp;\u00fa\u010delu uplatn\u011bn\u00ed na\u0161ich pr\u00e1vn\u00edch n\u00e1rok\u016f v\u016f\u010di V\u00e1m.&nbsp;<\/p>\n\n\n\n<ul class=\"wp-block-list\">\n<li><strong>pr\u00e1vo na omezen\u00ed zpracov\u00e1n\u00ed osobn\u00edch \u00fadaj\u016f<\/strong> &#8211; m\u00e1te pr\u00e1vo na to, abychom omezili zpracov\u00e1n\u00ed, v kter\u00e9mkoli z t\u011bchto p\u0159\u00edpad\u016f:&nbsp;<\/li>\n<\/ul>\n\n\n\n<ul class=\"wp-block-list\">\n<li>v&nbsp;p\u0159\u00edpad\u011b, \u017ee pop\u00edr\u00e1te p\u0159esnost Va\u0161ich osobn\u00edch \u00fadaj\u016f, a to na dobu pot\u0159ebnou k tomu, abychom mohli p\u0159esnost osobn\u00edch \u00fadaj\u016f ov\u011b\u0159it,&nbsp;<\/li>\n\n\n\n<li>zpracov\u00e1n\u00ed je protipr\u00e1vn\u00ed a odm\u00edt\u00e1te v\u00fdmaz osobn\u00edch \u00fadaj\u016f a \u017e\u00e1d\u00e1te m\u00edsto toho o omezen\u00ed jejich pou\u017eit\u00ed,&nbsp;<\/li>\n\n\n\n<li>Va\u0161e osobn\u00ed \u00fadaje ji\u017e nepot\u0159ebujeme pro \u00fa\u010dely zpracov\u00e1n\u00ed, ale Vy je po\u017eadujete pro ur\u010den\u00ed, v\u00fdkon nebo obhajobu pr\u00e1vn\u00edch n\u00e1rok\u016f,&nbsp;<\/li>\n\n\n\n<li>vznesli jste n\u00e1mitku proti zpracov\u00e1n\u00ed, dokud nebude ov\u011b\u0159eno, zda na\u0161e opr\u00e1vn\u011bn\u00e9 d\u016fvody p\u0159eva\u017euj\u00ed nad Va\u0161imi opr\u00e1vn\u011bn\u00fdmi d\u016fvody.&nbsp;<\/li>\n<\/ul>\n\n\n\n<p>V&nbsp;p\u0159\u00edpad\u011b opr\u00e1vn\u011bn\u00e9ho po\u017eadavku na omezen\u00ed zpracov\u00e1n\u00ed osobn\u00edch \u00fadaj\u016f z&nbsp;Va\u0161\u00ed strany jsme opr\u00e1vn\u011bni d\u00e1le zpracov\u00e1vat dot\u010den\u00e9 osobn\u00ed \u00fadaje pouze s&nbsp;Va\u0161im souhlasem.&nbsp;<\/p>\n\n\n\n<ul class=\"wp-block-list\">\n<li><strong>pr\u00e1vo z\u00edskat zpracov\u00e1van\u00e9 osobn\u00ed \u00fadaje a tyto osobn\u00ed \u00fadaje p\u0159edat jin\u00e9mu spr\u00e1vci (pr\u00e1vo na p\u0159enositelnost osobn\u00edch \u00fadaj\u016f)<\/strong> &#8211; m\u00e1te pr\u00e1vo z\u00edskat osobn\u00ed \u00fadaje, kter\u00e9 se V\u00e1s t\u00fdkaj\u00ed, kter\u00e9 jste n\u00e1m poskytli, a to ve strukturovan\u00e9m, b\u011b\u017en\u011b pou\u017e\u00edvan\u00e9m a strojov\u011b \u010diteln\u00e9m form\u00e1tu, a pr\u00e1vo p\u0159edat tyto \u00fadaje jin\u00e9mu spr\u00e1vci, ani\u017e bychom tomu br\u00e1nili, a to v p\u0159\u00edpad\u011b, \u017ee pr\u00e1vn\u00edm d\u016fvodem ke zpracov\u00e1n\u00ed Va\u0161ich osobn\u00edch \u00fadaj\u016f je souhlas nebo smlouva a zpracov\u00e1n\u00ed osobn\u00edch \u00fadaj\u016f se prov\u00e1d\u00ed automatizovan\u011b;<\/li>\n<\/ul>\n\n\n\n<ul class=\"wp-block-list\">\n<li><strong>pr\u00e1vo vzn\u00e9st n\u00e1mitku<\/strong> \u2013 m\u00e1te z d\u016fvod\u016f t\u00fdkaj\u00edc\u00edch se Va\u0161\u00ed konkr\u00e9tn\u00ed situace pr\u00e1vo kdykoliv vzn\u00e9st n\u00e1mitku proti zpracov\u00e1n\u00ed sv\u00fdch osobn\u00edch \u00fadaj\u016f, kter\u00e9 jsou zpracov\u00e1v\u00e1ny na z\u00e1klad\u011b pr\u00e1vn\u00edho d\u016fvodu spo\u010d\u00edvaj\u00edc\u00edho v na\u0161em opr\u00e1vn\u011bn\u00e9m z\u00e1jmu \u2013 viz v\u00fd\u0161e uveden\u00e1 \u010d\u00e1st tohoto dokumentu nazvan\u00e1 jako \u201e<em>\u00da\u010del a d\u016fvody zpracov\u00e1n\u00ed osobn\u00edch \u00fadaj\u016f<\/em>\u201c.<\/li>\n<\/ul>\n\n\n\n<ul class=\"wp-block-list\">\n<li><strong>pr\u00e1vo b\u00fdt informov\u00e1n o poru\u0161en\u00ed zabezpe\u010den\u00ed sv\u00fdch osobn\u00edch \u00fadaj\u016f<\/strong> v&nbsp;p\u0159\u00edpadech stanoven\u00fdch v p\u0159\u00edslu\u0161n\u00fdch pr\u00e1vn\u00edch p\u0159edpisech na ochranu osobn\u00edch \u00fadaj\u016f;<\/li>\n<\/ul>\n\n\n\n<ul class=\"wp-block-list\">\n<li><strong>pr\u00e1vo podat st\u00ed\u017enost k \u00da\u0159adu pro ochranu osobn\u00edch \u00fadaj\u016f<\/strong>; ani\u017e jsou dot\u010deny jak\u00e9koliv jin\u00e9 prost\u0159edky spr\u00e1vn\u00ed nebo soudn\u00ed ochrany, m\u00e1te pr\u00e1vo podat st\u00ed\u017enost u dozorov\u00e9ho \u00fa\u0159adu, tedy u \u00da\u0159adu pro ochranu osobn\u00edch \u00fadaj\u016f, s\u00eddlem Pplk. Sochora 27, Praha 7, PS\u010c: 170 00, tel. \u010d. +420 234 665 111, e-mail: posta@uoou.cz, www.uoou.cz, pokud se domn\u00edv\u00e1te, \u017ee zpracov\u00e1n\u00edm Va\u0161ich osobn\u00edch \u00fadaj\u016f z&nbsp;na\u0161\u00ed strany byly poru\u0161eny pr\u00e1vn\u00ed p\u0159edpisy upravuj\u00edc\u00ed ochranu osobn\u00edch \u00fadaj\u016f.<\/li>\n<\/ul>\n\n\n\n<p><strong>Va\u0161e pr\u00e1va<\/strong> uveden\u00e1 v\u00fd\u0161e v p\u0159edchoz\u00edm bod\u011b, vyjma st\u00ed\u017enosti, kter\u00e1 se pod\u00e1v\u00e1 k&nbsp;\u00da\u0159adu pro ochranu osobn\u00edch \u00fadaj\u016f, <strong>se uplat\u0148uj\u00ed p\u0159\u00edmo u n\u00e1s<\/strong> prost\u0159ednictv\u00edm na\u0161eho e-mailu: <strong>info@bpbrno.cz<\/strong>, nebo p\u00edsemn\u011b na adrese na\u0161eho s\u00eddla: <strong>Jana Bab\u00e1ka 2733\/11, 612 00 Brno.<\/strong><\/p>\n\n\n\n<p><strong>K&nbsp;uplatn\u011bn\u00ed t\u011bchto Va\u0161ich pr\u00e1v pros\u00edm vyu\u017eijte n\u00e1\u0161 formul\u00e1\u0159, kter\u00fd V\u00e1m obratem m\u016f\u017eeme zaslat na Va\u0161i kontaktn\u00ed e-mailovou adresu.<\/strong><\/p>\n\n\n\n<p>Vyhrazujeme si pr\u00e1vo, pokud budete uplat\u0148ovat sv\u00e1 v\u00fd\u0161e uveden\u00e1 pr\u00e1va bezd\u016fvodn\u011b \u010di nep\u0159im\u011b\u0159en\u011b, \u00fa\u010dtovat V\u00e1m p\u0159im\u011b\u0159en\u00fd poplatek zohled\u0148uj\u00edc\u00ed administrativn\u00ed n\u00e1klady spojen\u00e9 s poskytnut\u00edm po\u017eadovan\u00fdch informac\u00ed, nebo odm\u00edtnout vyhov\u011bt Va\u0161\u00ed \u017e\u00e1dosti.<\/p>\n\n\n\n<p><strong>D\u016eLE\u017dIT\u00c9:<\/strong> Vzhledem k&nbsp;tomu, \u017ee vykon\u00e1v\u00e1me advokacii si V\u00e1s dovolujeme upozornit, \u017ee v&nbsp;ur\u010dit\u00fdch p\u0159\u00edpadech m\u016f\u017ee b\u00fdt v\u00fdkon Va\u0161ich v\u00fd\u0161e uveden\u00fdch pr\u00e1v pr\u00e1vn\u00edmi p\u0159edpisy zna\u010dn\u011b omezen.<\/p>\n\n\n\n<p>Tyto z\u00e1sady zpracov\u00e1n\u00ed osobn\u00edch \u00fadaj\u016f jsou \u00fa\u010dinn\u00e9 od 1.1.2023<\/p>","protected":false},"excerpt":{"rendered":"<p>Jsme advok\u00e1tn\u00ed kancel\u00e1\u0159\u00ed skl\u00e1daj\u00edc\u00ed se ze dvou st\u00e1le spolupracuj\u00edc\u00edch advok\u00e1t\u016f &#8211; Mgr. Adama Bezd\u011bka, se s\u00eddlem Brno, Jana Bab\u00e1ka 2733\/11, PS\u010c: 612 00, I\u010c: 66254361, ev. \u010d. \u010cAK: 09707.Jsme spr\u00e1vci Va\u0161ich osobn\u00edch \u00fadaj\u016f, pakli\u017ee V\u00e1m poskytujeme pr\u00e1vn\u00ed slu\u017eby, nav\u0161t\u011bvujete na\u0161e webov\u00e9 str\u00e1nky https:\/\/www.bpbrno.cz, komunikujete s\u00a0n\u00e1mi telefonicky \u010di e-mailem apod., kdy\u017e pln\u00edme sv\u00e9 z\u00e1konn\u00e9 povinnosti \u010di [&hellip;]<\/p>","protected":false},"author":1,"featured_media":0,"parent":0,"menu_order":0,"comment_status":"closed","ping_status":"closed","template":"","meta":{"footnotes":""},"class_list":["post-3","page","type-page","status-publish","hentry"],"_links":{"self":[{"href":"https:\/\/bpbrno.cz\/en\/wp-json\/wp\/v2\/pages\/3","targetHints":{"allow":["GET"]}}],"collection":[{"href":"https:\/\/bpbrno.cz\/en\/wp-json\/wp\/v2\/pages"}],"about":[{"href":"https:\/\/bpbrno.cz\/en\/wp-json\/wp\/v2\/types\/page"}],"author":[{"embeddable":true,"href":"https:\/\/bpbrno.cz\/en\/wp-json\/wp\/v2\/users\/1"}],"replies":[{"embeddable":true,"href":"https:\/\/bpbrno.cz\/en\/wp-json\/wp\/v2\/comments?post=3"}],"version-history":[{"count":4,"href":"https:\/\/bpbrno.cz\/en\/wp-json\/wp\/v2\/pages\/3\/revisions"}],"predecessor-version":[{"id":1221,"href":"https:\/\/bpbrno.cz\/en\/wp-json\/wp\/v2\/pages\/3\/revisions\/1221"}],"wp:attachment":[{"href":"https:\/\/bpbrno.cz\/en\/wp-json\/wp\/v2\/media?parent=3"}],"curies":[{"name":"wp","href":"https:\/\/api.w.org\/{rel}","templated":true}]}}